{"id":3479,"date":"2024-07-31T16:39:00","date_gmt":"2024-07-31T14:39:00","guid":{"rendered":"https:\/\/vastgoed.wat-media.nl\/kundentermin\/"},"modified":"2024-10-01T15:49:22","modified_gmt":"2024-10-01T13:49:22","slug":"kundentermin","status":"publish","type":"page","link":"https:\/\/vastgoed.wat-media.nl\/de\/kundentermin\/","title":{"rendered":"Kundentermin"},"content":{"rendered":"\t\t<div data-elementor-type=\"wp-page\" data-elementor-id=\"3479\" class=\"elementor elementor-3479 elementor-1785\" data-elementor-post-type=\"page\">\n\t\t\t\t<div class=\"elementor-element elementor-element-12382608 e-flex e-con-boxed e-con e-parent\" data-id=\"12382608\" data-element_type=\"container\" data-e-type=\"container\" data-settings=\"{&quot;background_background&quot;:&quot;video&quot;,&quot;background_video_link&quot;:&quot;https:\\\/\\\/youtu.be\\\/6jqvMGx1OS8&quot;,&quot;background_play_on_mobile&quot;:&quot;yes&quot;,&quot;ekit_has_onepagescroll_dot&quot;:&quot;yes&quot;}\">\n\t\t\t\t\t<div class=\"e-con-inner\">\n\t\t<div class=\"elementor-background-video-container\">\n\t\t\t\t\t\t\t<div class=\"elementor-background-video-embed\" role=\"presentation\"><\/div>\n\t\t\t\t\t\t<\/div><div class=\"elementor-element elementor-element-cfecf50 e-con-full e-flex e-con e-child\" data-id=\"cfecf50\" data-element_type=\"container\" data-e-type=\"container\" data-settings=\"{&quot;ekit_has_onepagescroll_dot&quot;:&quot;yes&quot;}\">\n\t\t\t\t<div class=\"elementor-element elementor-element-7b425e0a elementor-widget elementor-widget-elementskit-heading\" data-id=\"7b425e0a\" data-element_type=\"widget\" data-e-type=\"widget\" data-settings=\"{&quot;ekit_we_effect_on&quot;:&quot;none&quot;}\" data-widget_type=\"elementskit-heading.default\">\n\t\t\t\t<div class=\"elementor-widget-container\">\n\t\t\t\t\t<div class=\"ekit-wid-con\" ><div class=\"ekit-heading elementskit-section-title-wraper text_center   ekit_heading_tablet-text_center   ekit_heading_mobile-text_center\"><h2 class=\"ekit-heading--title elementskit-section-title \"><span>zelf<\/span>Vereinbaren Sie <span> <\/span> einen Termin<\/h2><\/div><\/div>\t\t\t\t<\/div>\n\t\t\t\t<\/div>\n\t\t\t\t<\/div>\n\t\t\t\t\t<\/div>\n\t\t\t\t<\/div>\n\t\t<div class=\"elementor-element elementor-element-35bab0de e-flex e-con-boxed e-con e-parent\" data-id=\"35bab0de\" data-element_type=\"container\" data-e-type=\"container\" data-settings=\"{&quot;ekit_has_onepagescroll_dot&quot;:&quot;yes&quot;}\">\n\t\t\t\t\t<div class=\"e-con-inner\">\n\t\t<div class=\"elementor-element elementor-element-2021922c e-con-full e-flex e-con e-child\" data-id=\"2021922c\" data-element_type=\"container\" data-e-type=\"container\" data-settings=\"{&quot;ekit_has_onepagescroll_dot&quot;:&quot;yes&quot;}\">\n\t\t\t\t<div class=\"elementor-element elementor-element-3a964957 elementor-widget elementor-widget-elementskit-heading\" data-id=\"3a964957\" data-element_type=\"widget\" data-e-type=\"widget\" data-settings=\"{&quot;ekit_we_effect_on&quot;:&quot;none&quot;}\" data-widget_type=\"elementskit-heading.default\">\n\t\t\t\t<div class=\"elementor-widget-container\">\n\t\t\t\t\t<div class=\"ekit-wid-con\" ><div class=\"ekit-heading elementskit-section-title-wraper text_center   ekit_heading_tablet-text_center   ekit_heading_mobile-\"><h2 class=\"ekit-heading--title elementskit-section-title \">Sie k\u00f6nnen Ihren <span><span>Online-Termin<\/span><\/span> selbst planen  <\/h2><h5 class=\"ekit-heading--subtitle elementskit-section-subtitle  \">\n\t\t\t\t\t\tWo und wann Sie wollen\n\t\t\t\t\t<\/h5>\t\t\t\t<div class='ekit-heading__description'>\n\t\t\t\t\t<p>Zun\u00e4chst f\u00fchren Sie die Gespr\u00e4che mit dem Immobilienmakler.<br \/>\nWenn die Immobilie dann zum Verkauf angeboten wird, erledigen wir den Rest.<br \/>\nWir ziehen es vor, einen Termin per Telefon zu vereinbaren, aber manchmal ist es w\u00fcnschenswert, selbst ein Datum und eine Uhrzeit besprechen und ausw\u00e4hlen zu k\u00f6nnen.<br \/>\nAu\u00dferdem gehen wir w\u00e4hrend der Aufnahmen vor Ort nicht ans Telefon, um uns zu 100% auf Ihre Immobilie konzentrieren zu k\u00f6nnen.<br \/>\nW\u00e4hrend der Aufnahme liegt der volle Fokus darauf, Ihre Wohnung oder Ihr Haus bestm\u00f6glich zu pr\u00e4sentieren.      <\/p>\n\t\t\t\t<\/div>\n\t\t\t<\/div><\/div>\t\t\t\t<\/div>\n\t\t\t\t<\/div>\n\t\t<div class=\"elementor-element elementor-element-64f23de e-con-full e-flex e-con e-child\" data-id=\"64f23de\" data-element_type=\"container\" data-e-type=\"container\" data-settings=\"{&quot;ekit_has_onepagescroll_dot&quot;:&quot;yes&quot;}\">\n\t\t\t\t<div class=\"elementor-element elementor-element-9313543 elementor-widget elementor-widget-text-editor\" data-id=\"9313543\" data-element_type=\"widget\" data-e-type=\"widget\" data-settings=\"{&quot;ekit_we_effect_on&quot;:&quot;none&quot;}\" data-widget_type=\"text-editor.default\">\n\t\t\t\t<div class=\"elementor-widget-container\">\n\t\t\t\t\t\t\t\t\t<p>Nutzen Sie das Terminmodul unten, w\u00e4hlen Sie die Art Ihrer Immobilie und vereinbaren Sie einen Termin zu einem Datum und einer Uhrzeit, die Ihnen und uns passen!<\/p>\n<ol>\n<li>W\u00e4hlen Sie Ihren Immobilientyp&#8230;<\/li>\n<li>W\u00e4hlen Sie ein f\u00fcr Sie verf\u00fcgbares Datum<\/li>\n<li>W\u00e4hlen Sie die Zeit&#8230;<\/li>\n<li>Bitte listen Sie alle zus\u00e4tzlichen Arbeiten auf, die wir in der Eigenschaft&#8230;. finden k\u00f6nnen.<\/li>\n<li>Der Termin ist festgelegt!\nSie erhalten eine Best\u00e4tigung per E-Mail! <\/li>\n<\/ol>\n<div>&nbsp;<\/div>\n<p><em>*Es kann jederzeit passieren, dass ein Termin bereits belegt oder doppelt gebucht ist.\nSie werden dann umgehend f\u00fcr einen neuen Termin kontaktiert. &nbsp;<\/em><\/p>\t\t\t\t\t\t\t\t<\/div>\n\t\t\t\t<\/div>\n\t\t\t\t<\/div>\n\t\t\t\t<\/div>\n\t\t\t\t\t<\/div>\n\t\t\t\t<\/div>\n\t\t<div class=\"elementor-element elementor-element-32588cf2 e-flex e-con-boxed e-con e-parent\" data-id=\"32588cf2\" data-element_type=\"container\" data-e-type=\"container\" data-settings=\"{&quot;ekit_has_onepagescroll_dot&quot;:&quot;yes&quot;}\">\n\t\t\t\t\t<div class=\"e-con-inner\">\n\t\t<div class=\"elementor-element elementor-element-4756011c e-con-full e-flex e-con e-child\" data-id=\"4756011c\" data-element_type=\"container\" data-e-type=\"container\" data-settings=\"{&quot;ekit_has_onepagescroll_dot&quot;:&quot;yes&quot;}\">\n\t\t\t\t<div class=\"elementor-element elementor-element-1d95b6c0 elementor-widget elementor-widget-html\" data-id=\"1d95b6c0\" data-element_type=\"widget\" data-e-type=\"widget\" data-settings=\"{&quot;ekit_we_effect_on&quot;:&quot;none&quot;}\" data-widget_type=\"html.default\">\n\t\t\t\t<div class=\"elementor-widget-container\">\n\t\t\t\t\t<!-- Calendly inline widget begin -->\n<div class=\"calendly-inline-widget\" data-url=\"https:\/\/calendly.com\/watmedia_vastgoed\/fotografie-inmeten-appartement?primary_color=ff7a00&amp;hide_gdpr_banner=1\" style=\"min-width:320px;height:1070px; overflow-y:hidden;\"><\/div>\n<script type=\"text\/javascript\" src=\"https:\/\/assets.calendly.com\/assets\/external\/widget.js\" async=\"\"><\/script>\n<!-- Calendly inline widget end -->\t\t\t\t<\/div>\n\t\t\t\t<\/div>\n\t\t\t\t<\/div>\n\t\t<div class=\"elementor-element elementor-element-6a0558bf e-con-full e-flex e-con e-child\" data-id=\"6a0558bf\" data-element_type=\"container\" data-e-type=\"container\" data-settings=\"{&quot;ekit_has_onepagescroll_dot&quot;:&quot;yes&quot;}\">\n\t\t\t\t<div class=\"elementor-element elementor-element-1e8c44a elementor-widget elementor-widget-html\" data-id=\"1e8c44a\" data-element_type=\"widget\" data-e-type=\"widget\" data-settings=\"{&quot;ekit_we_effect_on&quot;:&quot;none&quot;}\" data-widget_type=\"html.default\">\n\t\t\t\t<div class=\"elementor-widget-container\">\n\t\t\t\t\t<!-- Calendly inline widget begin -->\n<div class=\"calendly-inline-widget\" data-url=\"https:\/\/calendly.com\/watmedia_vastgoed\/fotografie-inmeten-2-onder-1-kapwoning?primary_color=ff7a00&amp;hide_gdpr_banner=1\" style=\"min-width:320px;height:1070px;\"><\/div>\n<script type=\"text\/javascript\" src=\"https:\/\/assets.calendly.com\/assets\/external\/widget.js\" async=\"\"><\/script>\n<!-- Calendly inline widget end -->\t\t\t\t<\/div>\n\t\t\t\t<\/div>\n\t\t\t\t<\/div>\n\t\t<div class=\"elementor-element elementor-element-5914b05c e-con-full e-flex e-con e-child\" data-id=\"5914b05c\" data-element_type=\"container\" data-e-type=\"container\" data-settings=\"{&quot;ekit_has_onepagescroll_dot&quot;:&quot;yes&quot;}\">\n\t\t\t\t<div class=\"elementor-element elementor-element-2a67979 elementor-widget elementor-widget-html\" data-id=\"2a67979\" data-element_type=\"widget\" data-e-type=\"widget\" data-settings=\"{&quot;ekit_we_effect_on&quot;:&quot;none&quot;}\" data-widget_type=\"html.default\">\n\t\t\t\t<div class=\"elementor-widget-container\">\n\t\t\t\t\t<!-- Calendly inline widget begin -->\n<div class=\"calendly-inline-widget\" data-url=\"https:\/\/calendly.com\/watmedia_vastgoed\/fotografie-vrijstaand-woonhuis?primary_color=ff7a00&amp;hide_gdpr_banner=1\" style=\"min-width:320px;height:1070px;\"><\/div>\n<script type=\"text\/javascript\" src=\"https:\/\/assets.calendly.com\/assets\/external\/widget.js\" async=\"\"><\/script>\n<!-- Calendly inline widget end -->\t\t\t\t<\/div>\n\t\t\t\t<\/div>\n\t\t\t\t<\/div>\n\t\t<div class=\"elementor-element elementor-element-71b09a32 e-con-full e-flex e-con e-child\" data-id=\"71b09a32\" data-element_type=\"container\" data-e-type=\"container\" data-settings=\"{&quot;ekit_has_onepagescroll_dot&quot;:&quot;yes&quot;}\">\n\t\t\t\t<div class=\"elementor-element elementor-element-577aefd5 elementor-widget elementor-widget-html\" data-id=\"577aefd5\" data-element_type=\"widget\" data-e-type=\"widget\" data-settings=\"{&quot;ekit_we_effect_on&quot;:&quot;none&quot;}\" data-widget_type=\"html.default\">\n\t\t\t\t<div class=\"elementor-widget-container\">\n\t\t\t\t\t<!-- Calendly inline widget begin -->\n<div class=\"calendly-inline-widget\" data-url=\"https:\/\/calendly.com\/watmedia_vastgoed\/fotografie-inmeten-exclusief-wonen?primary_color=ff7a00&amp;hide_gdpr_banner=1\" style=\"min-width:320px;height:1030px;\"><\/div>\n<script type=\"text\/javascript\" src=\"https:\/\/assets.calendly.com\/assets\/external\/widget.js\" async=\"\"><\/script>\n<!-- Calendly inline widget end -->\t\t\t\t<\/div>\n\t\t\t\t<\/div>\n\t\t\t\t<\/div>\n\t\t<div class=\"elementor-element elementor-element-156bcadf e-con-full e-flex e-con e-child\" data-id=\"156bcadf\" data-element_type=\"container\" data-e-type=\"container\" data-settings=\"{&quot;ekit_has_onepagescroll_dot&quot;:&quot;yes&quot;}\">\n\t\t\t\t<div class=\"elementor-element elementor-element-5f7d4693 elementor-widget elementor-widget-html\" data-id=\"5f7d4693\" data-element_type=\"widget\" data-e-type=\"widget\" data-settings=\"{&quot;ekit_we_effect_on&quot;:&quot;none&quot;}\" data-widget_type=\"html.default\">\n\t\t\t\t<div class=\"elementor-widget-container\">\n\t\t\t\t\t<!-- Calendly inline widget begin -->\n<div class=\"calendly-inline-widget\" data-url=\"https:\/\/calendly.com\/watmedia_vastgoed\/exterieur_fotografie?primary_color=ff7a00&amp;hide_gdpr_banner=1\" style=\"min-width:320px;height:1030px;\"><\/div>\n<script type=\"text\/javascript\" src=\"https:\/\/assets.calendly.com\/assets\/external\/widget.js\" async=\"\"><\/script>\n<!-- Calendly inline widget end -->\t\t\t\t<\/div>\n\t\t\t\t<\/div>\n\t\t\t\t<\/div>\n\t\t<div class=\"elementor-element elementor-element-57bf2bf e-con-full e-flex e-con e-child\" data-id=\"57bf2bf\" data-element_type=\"container\" data-e-type=\"container\" data-settings=\"{&quot;ekit_has_onepagescroll_dot&quot;:&quot;yes&quot;}\">\n\t\t\t\t<div class=\"elementor-element elementor-element-40b40522 elementor-widget elementor-widget-html\" data-id=\"40b40522\" data-element_type=\"widget\" data-e-type=\"widget\" data-settings=\"{&quot;ekit_we_effect_on&quot;:&quot;none&quot;}\" data-widget_type=\"html.default\">\n\t\t\t\t<div class=\"elementor-widget-container\">\n\t\t\t\t\t<!-- Calendly inline widget begin -->\n<div class=\"calendly-inline-widget\" data-url=\"https:\/\/calendly.com\/watmedia_vastgoed\/avondfotografie?primary_color=ff7a00&amp;hide_gdpr_banner=1\" style=\"min-width:320px;height:1030px;\"><\/div>\n<script type=\"text\/javascript\" src=\"https:\/\/assets.calendly.com\/assets\/external\/widget.js\" async=\"\"><\/script>\n<!-- Calendly inline widget end -->\t\t\t\t<\/div>\n\t\t\t\t<\/div>\n\t\t\t\t<\/div>\n\t\t\t\t\t<\/div>\n\t\t\t\t<\/div>\n\t\t<div class=\"elementor-element elementor-element-6d0babba e-flex e-con-boxed e-con e-parent\" data-id=\"6d0babba\" data-element_type=\"container\" data-e-type=\"container\" data-settings=\"{&quot;background_background&quot;:&quot;classic&quot;,&quot;ekit_has_onepagescroll_dot&quot;:&quot;yes&quot;}\">\n\t\t\t\t\t<div class=\"e-con-inner\">\n\t\t<div class=\"elementor-element elementor-element-37519dbc e-con-full e-flex e-con e-child\" data-id=\"37519dbc\" data-element_type=\"container\" data-e-type=\"container\" data-settings=\"{&quot;ekit_has_onepagescroll_dot&quot;:&quot;yes&quot;}\">\n\t\t<div class=\"elementor-element elementor-element-4d78f9 e-con-full e-flex e-con e-child\" data-id=\"4d78f9\" data-element_type=\"container\" data-e-type=\"container\" data-settings=\"{&quot;ekit_has_onepagescroll_dot&quot;:&quot;yes&quot;}\">\n\t\t\t\t<div class=\"elementor-element elementor-element-6aa66832 elementor-position-inline-start elementor-view-stacked elementor-shape-circle elementor-mobile-position-block-start elementor-widget elementor-widget-icon-box\" data-id=\"6aa66832\" data-element_type=\"widget\" data-e-type=\"widget\" data-settings=\"{&quot;ekit_we_effect_on&quot;:&quot;none&quot;}\" data-widget_type=\"icon-box.default\">\n\t\t\t\t<div class=\"elementor-widget-container\">\n\t\t\t\t\t\t\t<div class=\"elementor-icon-box-wrapper\">\n\n\t\t\t\t\t\t<div class=\"elementor-icon-box-icon\">\n\t\t\t\t<span  class=\"elementor-icon\">\n\t\t\t\t<i aria-hidden=\"true\" class=\"icon icon-map-marker\"><\/i>\t\t\t\t<\/span>\n\t\t\t<\/div>\n\t\t\t\n\t\t\t\t\t\t<div class=\"elementor-icon-box-content\">\n\n\t\t\t\t\t\t\t\t\t<h4 class=\"elementor-icon-box-title\">\n\t\t\t\t\t\t<span  >\n\t\t\t\t\t\t\tStandort\t\t\t\t\t\t<\/span>\n\t\t\t\t\t<\/h4>\n\t\t\t\t\n\t\t\t\t\t\t\t\t\t<p class=\"elementor-icon-box-description\">\n\t\t\t\t\t\t<br>Sint Mathiasstraat 7 6004 AB Weert, Die Niederlande\t\t\t\t\t<\/p>\n\t\t\t\t\n\t\t\t<\/div>\n\t\t\t\n\t\t<\/div>\n\t\t\t\t\t\t<\/div>\n\t\t\t\t<\/div>\n\t\t\t\t<\/div>\n\t\t<div class=\"elementor-element elementor-element-98ef8ac e-con-full e-flex e-con e-child\" data-id=\"98ef8ac\" data-element_type=\"container\" data-e-type=\"container\" data-settings=\"{&quot;ekit_has_onepagescroll_dot&quot;:&quot;yes&quot;}\">\n\t\t\t\t<div class=\"elementor-element elementor-element-128bfde1 elementor-position-inline-start elementor-view-stacked elementor-shape-circle elementor-mobile-position-block-start elementor-widget elementor-widget-icon-box\" data-id=\"128bfde1\" data-element_type=\"widget\" data-e-type=\"widget\" data-settings=\"{&quot;ekit_we_effect_on&quot;:&quot;none&quot;}\" data-widget_type=\"icon-box.default\">\n\t\t\t\t<div class=\"elementor-widget-container\">\n\t\t\t\t\t\t\t<div class=\"elementor-icon-box-wrapper\">\n\n\t\t\t\t\t\t<div class=\"elementor-icon-box-icon\">\n\t\t\t\t<span  class=\"elementor-icon\">\n\t\t\t\t<i aria-hidden=\"true\" class=\"icon icon-envelope1\"><\/i>\t\t\t\t<\/span>\n\t\t\t<\/div>\n\t\t\t\n\t\t\t\t\t\t<div class=\"elementor-icon-box-content\">\n\n\t\t\t\t\t\t\t\t\t<h4 class=\"elementor-icon-box-title\">\n\t\t\t\t\t\t<span  >\n\t\t\t\t\t\t\tE-Mail\t\t\t\t\t\t<\/span>\n\t\t\t\t\t<\/h4>\n\t\t\t\t\n\t\t\t\t\t\t\t\t\t<p class=\"elementor-icon-box-description\">\n\t\t\t\t\t\tvastgoed@wat-media.nl  <br>\t\t\t\t\t<\/p>\n\t\t\t\t\n\t\t\t<\/div>\n\t\t\t\n\t\t<\/div>\n\t\t\t\t\t\t<\/div>\n\t\t\t\t<\/div>\n\t\t\t\t<\/div>\n\t\t<div class=\"elementor-element elementor-element-662ccae1 e-con-full e-flex e-con e-child\" data-id=\"662ccae1\" data-element_type=\"container\" data-e-type=\"container\" data-settings=\"{&quot;ekit_has_onepagescroll_dot&quot;:&quot;yes&quot;}\">\n\t\t\t\t<div class=\"elementor-element elementor-element-45d9b177 elementor-position-inline-start elementor-view-stacked elementor-shape-circle elementor-mobile-position-block-start elementor-widget elementor-widget-icon-box\" data-id=\"45d9b177\" data-element_type=\"widget\" data-e-type=\"widget\" data-settings=\"{&quot;ekit_we_effect_on&quot;:&quot;none&quot;}\" data-widget_type=\"icon-box.default\">\n\t\t\t\t<div class=\"elementor-widget-container\">\n\t\t\t\t\t\t\t<div class=\"elementor-icon-box-wrapper\">\n\n\t\t\t\t\t\t<div class=\"elementor-icon-box-icon\">\n\t\t\t\t<span  class=\"elementor-icon\">\n\t\t\t\t<i aria-hidden=\"true\" class=\"icon icon-phone1\"><\/i>\t\t\t\t<\/span>\n\t\t\t<\/div>\n\t\t\t\n\t\t\t\t\t\t<div class=\"elementor-icon-box-content\">\n\n\t\t\t\t\t\t\t\t\t<h4 class=\"elementor-icon-box-title\">\n\t\t\t\t\t\t<span  >\n\t\t\t\t\t\t\tKontakt\t\t\t\t\t\t<\/span>\n\t\t\t\t\t<\/h4>\n\t\t\t\t\n\t\t\t\t\t\t\t\t\t<p class=\"elementor-icon-box-description\">\n\t\t\t\t\t\t+31(0)495-746100<br>\t\t\t\t\t<\/p>\n\t\t\t\t\n\t\t\t<\/div>\n\t\t\t\n\t\t<\/div>\n\t\t\t\t\t\t<\/div>\n\t\t\t\t<\/div>\n\t\t\t\t<\/div>\n\t\t\t\t<\/div>\n\t\t\t\t\t<\/div>\n\t\t\t\t<\/div>\n\t\t<div class=\"elementor-element elementor-element-721482b6 e-flex e-con-boxed e-con e-parent\" data-id=\"721482b6\" data-element_type=\"container\" data-e-type=\"container\" data-settings=\"{&quot;ekit_has_onepagescroll_dot&quot;:&quot;yes&quot;}\">\n\t\t\t\t\t<div class=\"e-con-inner\">\n\t\t\t\t<div class=\"elementor-element elementor-element-16675826 elementor-widget elementor-widget-google_maps\" data-id=\"16675826\" data-element_type=\"widget\" data-e-type=\"widget\" data-settings=\"{&quot;ekit_we_effect_on&quot;:&quot;none&quot;}\" data-widget_type=\"google_maps.default\">\n\t\t\t\t<div class=\"elementor-widget-container\">\n\t\t\t\t\t\t\t<div class=\"elementor-custom-embed\">\n\t\t\t<iframe loading=\"lazy\"\n\t\t\t\t\tsrc=\"https:\/\/www.google.com\/maps\/embed\/v1\/place?key=AIzaSyDJhvjdkt2yQipnZ-7mJzZVkxxD19cEGu0&#038;q=%3F%21WAT%20Media&#038;zoom=10\"\n\t\t\t\t\ttitle=\"?!WAT Media\"\n\t\t\t\t\taria-label=\"?!WAT Media\"\n\t\t\t><\/iframe>\n\t\t<\/div>\n\t\t\t\t\t\t<\/div>\n\t\t\t\t<\/div>\n\t\t\t\t\t<\/div>\n\t\t\t\t<\/div>\n\t\t\t\t<\/div>\n\t\t","protected":false},"excerpt":{"rendered":"<p>zelfVereinbaren Sie einen Termin Sie k\u00f6nnen Ihren Online-Termin selbst planen Wo und wann Sie wollen Zun\u00e4chst f\u00fchren Sie die Gespr\u00e4che mit dem Immobilienmakler. Wenn die Immobilie dann zum Verkauf angeboten wird, erledigen wir den Rest. Wir ziehen es vor, einen Termin per Telefon zu vereinbaren, aber manchmal ist es w\u00fcnschenswert, selbst ein Datum und eine [&hellip;]<\/p>\n","protected":false},"author":1,"featured_media":0,"parent":0,"menu_order":0,"comment_status":"closed","ping_status":"closed","template":"","meta":{"footnotes":""},"class_list":["post-3479","page","type-page","status-publish","hentry"],"_links":{"self":[{"href":"https:\/\/vastgoed.wat-media.nl\/de\/wp-json\/wp\/v2\/pages\/3479","targetHints":{"allow":["GET"]}}],"collection":[{"href":"https:\/\/vastgoed.wat-media.nl\/de\/wp-json\/wp\/v2\/pages"}],"about":[{"href":"https:\/\/vastgoed.wat-media.nl\/de\/wp-json\/wp\/v2\/types\/page"}],"author":[{"embeddable":true,"href":"https:\/\/vastgoed.wat-media.nl\/de\/wp-json\/wp\/v2\/users\/1"}],"replies":[{"embeddable":true,"href":"https:\/\/vastgoed.wat-media.nl\/de\/wp-json\/wp\/v2\/comments?post=3479"}],"version-history":[{"count":0,"href":"https:\/\/vastgoed.wat-media.nl\/de\/wp-json\/wp\/v2\/pages\/3479\/revisions"}],"wp:attachment":[{"href":"https:\/\/vastgoed.wat-media.nl\/de\/wp-json\/wp\/v2\/media?parent=3479"}],"curies":[{"name":"wp","href":"https:\/\/api.w.org\/{rel}","templated":true}]}}